{"id":4,"date":"2014-09-08T11:57:55","date_gmt":"2014-09-08T11:57:55","guid":{"rendered":"http:\/\/semanadelainnovacion.zeus.umh.es\/presentacion\/"},"modified":"2024-02-20T14:20:46","modified_gmt":"2024-02-20T13:20:46","slug":"presentacion","status":"publish","type":"page","link":"https:\/\/semanadelainnovacion.umh.es\/en\/presentacion\/","title":{"rendered":"Presentaci\u00f3n"},"content":{"rendered":"<p><\/p>\n<p style=\"text-align: justify\"><a href=\"https:\/\/semanadelainnovacion.umh.es\/files\/2014\/09\/Cartel-Semana.pdf\"><img loading=\"lazy\" class=\"size-medium wp-image-83 alignleft\" alt=\"Cartel Semana\" src=\"https:\/\/semanadelainnovacion.umh.es\/files\/2014\/09\/Cartel-Semana-225x300.jpg\" width=\"225\" height=\"300\" srcset=\"https:\/\/semanadelainnovacion.umh.es\/files\/2014\/09\/Cartel-Semana-225x300.jpg 225w, https:\/\/semanadelainnovacion.umh.es\/files\/2014\/09\/Cartel-Semana.jpg 720w\" sizes=\"(max-width: 225px) 100vw, 225px\" \/><\/a><\/p>\n<p style=\"text-align: justify\"><span style=\"color: #ffffff\">&#8211;<\/span><span style=\"color: #000000\">Esta p\u00e1gina web tiene como objetivo principal el dar todo el apoyo, asesoramiento e informaci\u00f3n necesaria para todo el PAS de la UMH que este interesado en participar en el<\/span> <span style=\"color: #800000\"><b>I Premio \u201c<i>Semana de la innovaci\u00f3n en la gesti\u00f3n Universitaria UMH<\/i>\u201d<\/b>.<\/span><\/p>\n<p style=\"text-align: justify\"><span style=\"color: #ffffff\">&#8211;<\/span><\/p>\n<p style=\"text-align: justify\"><span style=\"color: #000000\">En el \u00e1mbito de este premio entenderemos por <b><i>Innovaci\u00f3n<\/i><\/b> todas aquellas iniciativas, propuestas por Personal de Administraci\u00f3n y\u00a0 Servicios de la Universidad Miguel Hern\u00e1ndez de Elche (en adelante, UMH), que permitan mejorar la prestaci\u00f3n de los servicios o los procesos de gesti\u00f3n y\/o funcionamiento de la docencia, investigaci\u00f3n y\/o transferencia de conocimiento en la Universidad Miguel Hern\u00e1ndez de Elche.<\/span><\/p>\n<p style=\"text-align: justify\"><span style=\"color: #ffffff\">&#8211;<\/span><\/p>\n<p style=\"text-align: justify\"><span style=\"color: #000000\">El principal <strong>objetivo<\/strong> de la iniciativa es fomentar el esp\u00edritu innovador mediante el reconocimiento a la generaci\u00f3n de propuestas por parte de todos aquellos que crean que tienen una buena idea y que podr\u00eda llegar a convertirse en una iniciativa de \u00e9xito.<\/span><\/p>\n<p style=\"text-align: justify\"><span style=\"color: #ffffff\">&#8211;<\/span><\/p>\n<p style=\"text-align: justify\"><span style=\"color: #ffffff\">&#8211;<\/span><span style=\"color: #000000\">Las<\/span> <span style=\"text-decoration: underline;color: #800000\"><em><strong>iniciativas comprender\u00e1n aspectos relativos<\/strong><\/em><\/span>\u00a0<span style=\"color: #000000\">a:<\/span><\/p>\n<ul>\n<li>\n<div style=\"text-align: justify\"><span style=\"color: #000000\"><b>Innovaci\u00f3n de producto<\/b>: Desarrollo de productos destinados a estudiantes, profesores, personal de administraci\u00f3n y servicios,\u00a0 empresas, etc.<\/span><\/div>\n<\/li>\n<li style=\"text-align: justify\"><span style=\"color: #000000\"><b>Capital humano<\/b>: Procesos que aprovechen el talento de los empleados y las habilidades para la generaci\u00f3n y desarrollo de una mentalidad innovadora\u00a0 en la UMH.<\/span><\/li>\n<li style=\"text-align: justify\"><span style=\"color: #000000\"><b>Explotaci\u00f3n de las infraestructuras<\/b> disponibles para la generaci\u00f3n de servicios a la sociedad de alto valor a\u00f1adido.<\/span><\/li>\n<li style=\"text-align: justify\"><span style=\"color: #000000\"><b>Modelos de negocios<\/b>: Nuevos modelos para mejorar la captaci\u00f3n de recursos, reducir el impacto ambiental del consumo y aumentar la calidad de vida de la comunidad universitaria y la sociedad en general.<\/span><\/li>\n<\/ul>\n<p style=\"text-align: justify\"><span style=\"color: #000000\">Las <span style=\"color: #800000\"><em><span style=\"text-decoration: underline\"><strong>propuestas presentadas ser\u00e1n valoradas<\/strong><\/span><strong> <\/strong><\/em><\/span><\/span><span style=\"color: #000000\">seg\u00fan los siguientes criterios:<\/span><\/p>\n<ol style=\"text-align: justify\">\n<li><span style=\"color: #000000\">Originalidad, aplicabilidad y car\u00e1cter innovador de la idea.<\/span><\/li>\n<li><span style=\"color: #000000\">Nivel de madurez y calidad de la idea.<\/span><\/li>\n<li><span style=\"color: #000000\">Expectativas futuras y nivel de desarrollo.<\/span><\/li>\n<li><span style=\"color: #000000\">Tecnolog\u00eda utilizada y viabilidad.<\/span><\/li>\n<li><span style=\"color: #000000\">Aprovechamiento de los recursos disponibles.<\/span><\/li>\n<li><span style=\"color: #000000\">Responsabilidad Social Corporativa del proyecto.<\/span><\/li>\n<li><span style=\"color: #000000\">Sostenibilidad del proyecto.<\/span><\/li>\n<\/ol>\n<blockquote>\n<p style=\"text-align: justify\"><span style=\"color: #000000\">Toda la informaci\u00f3n sobre requisitos, plazos y dem\u00e1s aspectos relacionados con este Premios se podr\u00e1 consultar en las<\/span> <span style=\"color: #800000\"><a href=\"https:\/\/semanadelainnovacion.umh.es\/files\/2014\/09\/Bases-Semana-I.pdf\" target=\"_blank\" rel=\"noopener noreferrer\"><span style=\"color: #800000\"><b><span style=\"text-decoration: underline\">Bases\u00a0 de la Convocatoria<\/span><\/b>.<\/span><\/a><\/span><\/p>\n<p style=\"text-align: justify\"><span style=\"color: #000000\">Las solicitudes para participar en este Premio se presentar\u00e1n desde el d\u00eda <b>17 de septiembre de 2014 hasta el d\u00eda 3 de octubre de 2014 a las 15:00 horas<\/b>, cumplimentando el <b>Formulario de Inscripci\u00f3n.<\/b><\/span><\/p>\n<\/blockquote>\n<p style=\"text-align: justify\"><a href=\"https:\/\/semanadelainnovacion.umh.es\/files\/2014\/09\/Imagen2.png\"><img loading=\"lazy\" class=\"wp-image-30 alignleft\" alt=\"Imagen2\" src=\"https:\/\/semanadelainnovacion.umh.es\/files\/2014\/09\/Imagen2-300x262.png\" width=\"126\" height=\"110\" srcset=\"https:\/\/semanadelainnovacion.umh.es\/files\/2014\/09\/Imagen2-300x262.png 300w, https:\/\/semanadelainnovacion.umh.es\/files\/2014\/09\/Imagen2.png 303w\" sizes=\"(max-width: 126px) 100vw, 126px\" \/><\/a><\/p>\n<p style=\"text-align: justify\">\u00a0<\/p>\n<p style=\"text-align: justify\"><span style=\"color: #000000\">Asimismo para cualquier aclaraci\u00f3n o informaci\u00f3n sobre tr\u00e1mites administrativos\u00a0 o cualquier otra consulta que se desee hacer, se podr\u00e1 realizar a trav\u00e9s del<\/span> <a href=\"https:\/\/semanadelainnovacion.umh.es\/contacto\/\" target=\"_blank\" rel=\"noopener noreferrer\"><b>Servicio de Asesoramiento y Consulta<\/b>\u00a0<\/a><span style=\"color: #000000\">que brindamos a todos los interesados en participar en este Premio.<\/span><\/p>\n<p><\/p>","protected":false},"excerpt":{"rendered":"<p>P\u00e1gina de presentaci\u00f3n de la unidad organizativa<\/p>\n","protected":false},"author":1,"featured_media":0,"parent":0,"menu_order":0,"comment_status":"closed","ping_status":"closed","template":"","meta":{"ngg_post_thumbnail":0,"_links_to":"","_links_to_target":""},"_links":{"self":[{"href":"https:\/\/semanadelainnovacion.umh.es\/en\/wp-json\/wp\/v2\/pages\/4"}],"collection":[{"href":"https:\/\/semanadelainnovacion.umh.es\/en\/wp-json\/wp\/v2\/pages"}],"about":[{"href":"https:\/\/semanadelainnovacion.umh.es\/en\/wp-json\/wp\/v2\/types\/page"}],"author":[{"embeddable":true,"href":"https:\/\/semanadelainnovacion.umh.es\/en\/wp-json\/wp\/v2\/users\/1"}],"replies":[{"embeddable":true,"href":"https:\/\/semanadelainnovacion.umh.es\/en\/wp-json\/wp\/v2\/comments?post=4"}],"version-history":[{"count":0,"href":"https:\/\/semanadelainnovacion.umh.es\/en\/wp-json\/wp\/v2\/pages\/4\/revisions"}],"wp:attachment":[{"href":"https:\/\/semanadelainnovacion.umh.es\/en\/wp-json\/wp\/v2\/media?parent=4"}],"curies":[{"name":"wp","href":"https:\/\/api.w.org\/{rel}","templated":true}]}}